{"id":324,"date":"2024-08-31T18:26:20","date_gmt":"2024-08-31T16:26:20","guid":{"rendered":"https:\/\/il-centro.berlin\/beispiel-seite\/"},"modified":"2025-06-09T22:18:06","modified_gmt":"2025-06-09T20:18:06","slug":"psycho-koerperliche-therapie-berlin","status":"publish","type":"page","link":"https:\/\/il-centro.berlin\/de\/","title":{"rendered":"Holistisches Zentrum f\u00fcr psychische &#038; k\u00f6rperliche Gesundheit"},"content":{"rendered":"\t\t<div data-elementor-type=\"wp-page\" data-elementor-id=\"324\" class=\"elementor elementor-324 elementor-2\">\n\t\t\t\t<div class=\"elementor-element elementor-element-3491493b e-con-full e-flex e-con e-parent\" data-id=\"3491493b\" data-element_type=\"container\" data-settings=\"{&quot;background_background&quot;:&quot;classic&quot;}\">\n\t\t\t\t<div class=\"elementor-element elementor-element-e017cd2 image-caption elementor-widget elementor-widget-text-editor\" data-id=\"e017cd2\" data-element_type=\"widget\" data-widget_type=\"text-editor.default\">\n\t\t\t\t<div class=\"elementor-widget-container\">\n\t\t\t\t\t\t\t\t\t<p>\u00a9 Eva Zanettin<\/p>\t\t\t\t\t\t\t\t<\/div>\n\t\t\t\t<\/div>\n\t\t\t\t<\/div>\n\t\t<div class=\"elementor-element elementor-element-2ce30fad row-gradient-divider e-flex e-con-boxed e-con e-parent\" data-id=\"2ce30fad\" data-element_type=\"container\">\n\t\t\t\t\t<div class=\"e-con-inner\">\n\t\t\t\t<div class=\"elementor-element elementor-element-32d06dbf elementor-widget elementor-widget-text-editor\" data-id=\"32d06dbf\" data-element_type=\"widget\" data-widget_type=\"text-editor.default\">\n\t\t\t\t<div class=\"elementor-widget-container\">\n\t\t\t\t\t\t\t\t\t<h1>Il Centro<br \/>Holistisches Zentrum f\u00fcr psychische &amp; k\u00f6rperliche Gesundheit<\/h1>\t\t\t\t\t\t\t\t<\/div>\n\t\t\t\t<\/div>\n\t\t<div class=\"elementor-element elementor-element-591541ff elementor-hidden-mobile e-flex e-con-boxed e-con e-child\" data-id=\"591541ff\" data-element_type=\"container\">\n\t\t\t\t\t<div class=\"e-con-inner\">\n\t\t<div class=\"elementor-element elementor-element-21c2663d e-con-full e-flex e-con e-child\" data-id=\"21c2663d\" data-element_type=\"container\">\n\t\t\t\t<div class=\"elementor-element elementor-element-79f9ae02 elementor-view-stacked elementor-shape-circle elementor-widget elementor-widget-icon\" data-id=\"79f9ae02\" data-element_type=\"widget\" data-widget_type=\"icon.default\">\n\t\t\t\t<div class=\"elementor-widget-container\">\n\t\t\t\t\t\t\t<div class=\"elementor-icon-wrapper\">\n\t\t\t<a class=\"elementor-icon\" href=\"https:\/\/il-centro.berlin\/contatto\/#location\">\n\t\t\t<svg aria-hidden=\"true\" class=\"e-font-icon-svg e-fas-search-location\" viewBox=\"0 0 512 512\" xmlns=\"http:\/\/www.w3.org\/2000\/svg\"><path d=\"M505.04 442.66l-99.71-99.69c-4.5-4.5-10.6-7-17-7h-16.3c27.6-35.3 44-79.69 44-127.99C416.03 93.09 322.92 0 208.02 0S0 93.09 0 207.98s93.11 207.98 208.02 207.98c48.3 0 92.71-16.4 128.01-44v16.3c0 6.4 2.5 12.5 7 17l99.71 99.69c9.4 9.4 24.6 9.4 33.9 0l28.3-28.3c9.4-9.4 9.4-24.59.1-33.99zm-297.02-90.7c-79.54 0-144-64.34-144-143.98 0-79.53 64.35-143.98 144-143.98 79.54 0 144 64.34 144 143.98 0 79.53-64.35 143.98-144 143.98zm.02-239.96c-40.78 0-73.84 33.05-73.84 73.83 0 32.96 48.26 93.05 66.75 114.86a9.24 9.24 0 0 0 14.18 0c18.49-21.81 66.75-81.89 66.75-114.86 0-40.78-33.06-73.83-73.84-73.83zm0 96c-13.26 0-24-10.75-24-24 0-13.26 10.75-24 24-24s24 10.74 24 24c0 13.25-10.75 24-24 24z\"><\/path><\/svg>\t\t\t<\/a>\n\t\t<\/div>\n\t\t\t\t\t\t<\/div>\n\t\t\t\t<\/div>\n\t\t\t\t<div class=\"elementor-element elementor-element-3cd75127 elementor-widget elementor-widget-text-editor\" data-id=\"3cd75127\" data-element_type=\"widget\" data-widget_type=\"text-editor.default\">\n\t\t\t\t<div class=\"elementor-widget-container\">\n\t\t\t\t\t\t\t\t\t<p><a href=\"https:\/\/il-centro.berlin\/de\/kontakt\/#location\">Finde uns<\/a><\/p>\t\t\t\t\t\t\t\t<\/div>\n\t\t\t\t<\/div>\n\t\t\t\t<\/div>\n\t\t<div class=\"elementor-element elementor-element-2196cd41 e-con-full e-flex e-con e-child\" data-id=\"2196cd41\" data-element_type=\"container\">\n\t\t\t\t<div class=\"elementor-element elementor-element-256bb1ac elementor-widget elementor-widget-image\" data-id=\"256bb1ac\" data-element_type=\"widget\" data-widget_type=\"image.default\">\n\t\t\t\t<div class=\"elementor-widget-container\">\n\t\t\t\t\t\t\t\t\t\t\t\t\t\t\t<img fetchpriority=\"high\" decoding=\"async\" width=\"300\" height=\"240\" src=\"https:\/\/il-centro.berlin\/wp-content\/uploads\/2024\/09\/il-centro-logo-quadrato-1-300x240.jpg\" class=\"attachment-medium size-medium wp-image-73\" alt=\"\" srcset=\"https:\/\/il-centro.berlin\/wp-content\/uploads\/2024\/09\/il-centro-logo-quadrato-1-300x240.jpg 300w, https:\/\/il-centro.berlin\/wp-content\/uploads\/2024\/09\/il-centro-logo-quadrato-1-1024x819.jpg 1024w, https:\/\/il-centro.berlin\/wp-content\/uploads\/2024\/09\/il-centro-logo-quadrato-1-768x614.jpg 768w, https:\/\/il-centro.berlin\/wp-content\/uploads\/2024\/09\/il-centro-logo-quadrato-1-624x499.jpg 624w, https:\/\/il-centro.berlin\/wp-content\/uploads\/2024\/09\/il-centro-logo-quadrato-1.jpg 1280w\" sizes=\"(max-width: 300px) 100vw, 300px\" \/>\t\t\t\t\t\t\t\t\t\t\t\t\t\t\t<\/div>\n\t\t\t\t<\/div>\n\t\t\t\t<\/div>\n\t\t<div class=\"elementor-element elementor-element-21a36313 e-con-full e-flex e-con e-child\" data-id=\"21a36313\" data-element_type=\"container\">\n\t\t\t\t<div class=\"elementor-element elementor-element-1811544d elementor-view-stacked elementor-shape-circle elementor-widget elementor-widget-icon\" data-id=\"1811544d\" data-element_type=\"widget\" data-widget_type=\"icon.default\">\n\t\t\t\t<div class=\"elementor-widget-container\">\n\t\t\t\t\t\t\t<div class=\"elementor-icon-wrapper\">\n\t\t\t<a class=\"elementor-icon\" href=\"https:\/\/il-centro.berlin\/contatto\/#location\">\n\t\t\t<svg aria-hidden=\"true\" class=\"e-font-icon-svg e-fas-envelope\" viewBox=\"0 0 512 512\" xmlns=\"http:\/\/www.w3.org\/2000\/svg\"><path d=\"M502.3 190.8c3.9-3.1 9.7-.2 9.7 4.7V400c0 26.5-21.5 48-48 48H48c-26.5 0-48-21.5-48-48V195.6c0-5 5.7-7.8 9.7-4.7 22.4 17.4 52.1 39.5 154.1 113.6 21.1 15.4 56.7 47.8 92.2 47.6 35.7.3 72-32.8 92.3-47.6 102-74.1 131.6-96.3 154-113.7zM256 320c23.2.4 56.6-29.2 73.4-41.4 132.7-96.3 142.8-104.7 173.4-128.7 5.8-4.5 9.2-11.5 9.2-18.9v-19c0-26.5-21.5-48-48-48H48C21.5 64 0 85.5 0 112v19c0 7.4 3.4 14.3 9.2 18.9 30.6 23.9 40.7 32.4 173.4 128.7 16.8 12.2 50.2 41.8 73.4 41.4z\"><\/path><\/svg>\t\t\t<\/a>\n\t\t<\/div>\n\t\t\t\t\t\t<\/div>\n\t\t\t\t<\/div>\n\t\t\t\t<div class=\"elementor-element elementor-element-4ba5b60f elementor-widget elementor-widget-text-editor\" data-id=\"4ba5b60f\" data-element_type=\"widget\" data-widget_type=\"text-editor.default\">\n\t\t\t\t<div class=\"elementor-widget-container\">\n\t\t\t\t\t\t\t\t\t<p><a href=\"https:\/\/il-centro.berlin\/de\/kontakt\/#contatto\">Kontakt<\/a><\/p>\t\t\t\t\t\t\t\t<\/div>\n\t\t\t\t<\/div>\n\t\t\t\t<\/div>\n\t\t\t\t\t<\/div>\n\t\t\t\t<\/div>\n\t\t<div class=\"elementor-element elementor-element-6abdc6a e-con-full elementor-hidden-desktop elementor-hidden-tablet e-flex e-con e-child\" data-id=\"6abdc6a\" data-element_type=\"container\">\n\t\t<div class=\"elementor-element elementor-element-579313d2 e-con-full e-flex e-con e-child\" data-id=\"579313d2\" data-element_type=\"container\">\n\t\t\t\t<div class=\"elementor-element elementor-element-37328b34 elementor-widget elementor-widget-image\" data-id=\"37328b34\" data-element_type=\"widget\" data-widget_type=\"image.default\">\n\t\t\t\t<div class=\"elementor-widget-container\">\n\t\t\t\t\t\t\t\t\t\t\t\t\t\t\t<img fetchpriority=\"high\" decoding=\"async\" width=\"300\" height=\"240\" src=\"https:\/\/il-centro.berlin\/wp-content\/uploads\/2024\/09\/il-centro-logo-quadrato-1-300x240.jpg\" class=\"attachment-medium size-medium wp-image-73\" alt=\"\" srcset=\"https:\/\/il-centro.berlin\/wp-content\/uploads\/2024\/09\/il-centro-logo-quadrato-1-300x240.jpg 300w, https:\/\/il-centro.berlin\/wp-content\/uploads\/2024\/09\/il-centro-logo-quadrato-1-1024x819.jpg 1024w, https:\/\/il-centro.berlin\/wp-content\/uploads\/2024\/09\/il-centro-logo-quadrato-1-768x614.jpg 768w, https:\/\/il-centro.berlin\/wp-content\/uploads\/2024\/09\/il-centro-logo-quadrato-1-624x499.jpg 624w, https:\/\/il-centro.berlin\/wp-content\/uploads\/2024\/09\/il-centro-logo-quadrato-1.jpg 1280w\" sizes=\"(max-width: 300px) 100vw, 300px\" \/>\t\t\t\t\t\t\t\t\t\t\t\t\t\t\t<\/div>\n\t\t\t\t<\/div>\n\t\t\t\t<\/div>\n\t\t<div class=\"elementor-element elementor-element-16577e e-con-full e-flex e-con e-child\" data-id=\"16577e\" data-element_type=\"container\">\n\t\t\t\t<div class=\"elementor-element elementor-element-48ffcea2 elementor-view-stacked elementor-shape-circle elementor-widget elementor-widget-icon\" data-id=\"48ffcea2\" data-element_type=\"widget\" data-widget_type=\"icon.default\">\n\t\t\t\t<div class=\"elementor-widget-container\">\n\t\t\t\t\t\t\t<div class=\"elementor-icon-wrapper\">\n\t\t\t<a class=\"elementor-icon\" href=\"https:\/\/il-centro.berlin\/contatto\/#location\">\n\t\t\t<svg aria-hidden=\"true\" class=\"e-font-icon-svg e-fas-search-location\" viewBox=\"0 0 512 512\" xmlns=\"http:\/\/www.w3.org\/2000\/svg\"><path d=\"M505.04 442.66l-99.71-99.69c-4.5-4.5-10.6-7-17-7h-16.3c27.6-35.3 44-79.69 44-127.99C416.03 93.09 322.92 0 208.02 0S0 93.09 0 207.98s93.11 207.98 208.02 207.98c48.3 0 92.71-16.4 128.01-44v16.3c0 6.4 2.5 12.5 7 17l99.71 99.69c9.4 9.4 24.6 9.4 33.9 0l28.3-28.3c9.4-9.4 9.4-24.59.1-33.99zm-297.02-90.7c-79.54 0-144-64.34-144-143.98 0-79.53 64.35-143.98 144-143.98 79.54 0 144 64.34 144 143.98 0 79.53-64.35 143.98-144 143.98zm.02-239.96c-40.78 0-73.84 33.05-73.84 73.83 0 32.96 48.26 93.05 66.75 114.86a9.24 9.24 0 0 0 14.18 0c18.49-21.81 66.75-81.89 66.75-114.86 0-40.78-33.06-73.83-73.84-73.83zm0 96c-13.26 0-24-10.75-24-24 0-13.26 10.75-24 24-24s24 10.74 24 24c0 13.25-10.75 24-24 24z\"><\/path><\/svg>\t\t\t<\/a>\n\t\t<\/div>\n\t\t\t\t\t\t<\/div>\n\t\t\t\t<\/div>\n\t\t\t\t<div class=\"elementor-element elementor-element-4e384e60 elementor-widget elementor-widget-text-editor\" data-id=\"4e384e60\" data-element_type=\"widget\" data-widget_type=\"text-editor.default\">\n\t\t\t\t<div class=\"elementor-widget-container\">\n\t\t\t\t\t\t\t\t\t<p><a href=\"https:\/\/il-centro.berlin\/de\/kontakt\/#location\">Finde uns<\/a><\/p>\t\t\t\t\t\t\t\t<\/div>\n\t\t\t\t<\/div>\n\t\t\t\t<\/div>\n\t\t<div class=\"elementor-element elementor-element-1f355f43 e-con-full e-flex e-con e-child\" data-id=\"1f355f43\" data-element_type=\"container\">\n\t\t\t\t<div class=\"elementor-element elementor-element-4efa8cb5 elementor-view-stacked elementor-shape-circle elementor-widget elementor-widget-icon\" data-id=\"4efa8cb5\" data-element_type=\"widget\" data-widget_type=\"icon.default\">\n\t\t\t\t<div class=\"elementor-widget-container\">\n\t\t\t\t\t\t\t<div class=\"elementor-icon-wrapper\">\n\t\t\t<a class=\"elementor-icon\" href=\"https:\/\/il-centro.berlin\/contatto\/#location\">\n\t\t\t<svg aria-hidden=\"true\" class=\"e-font-icon-svg e-fas-envelope\" viewBox=\"0 0 512 512\" xmlns=\"http:\/\/www.w3.org\/2000\/svg\"><path d=\"M502.3 190.8c3.9-3.1 9.7-.2 9.7 4.7V400c0 26.5-21.5 48-48 48H48c-26.5 0-48-21.5-48-48V195.6c0-5 5.7-7.8 9.7-4.7 22.4 17.4 52.1 39.5 154.1 113.6 21.1 15.4 56.7 47.8 92.2 47.6 35.7.3 72-32.8 92.3-47.6 102-74.1 131.6-96.3 154-113.7zM256 320c23.2.4 56.6-29.2 73.4-41.4 132.7-96.3 142.8-104.7 173.4-128.7 5.8-4.5 9.2-11.5 9.2-18.9v-19c0-26.5-21.5-48-48-48H48C21.5 64 0 85.5 0 112v19c0 7.4 3.4 14.3 9.2 18.9 30.6 23.9 40.7 32.4 173.4 128.7 16.8 12.2 50.2 41.8 73.4 41.4z\"><\/path><\/svg>\t\t\t<\/a>\n\t\t<\/div>\n\t\t\t\t\t\t<\/div>\n\t\t\t\t<\/div>\n\t\t\t\t<div class=\"elementor-element elementor-element-5b8b9246 elementor-widget elementor-widget-text-editor\" data-id=\"5b8b9246\" data-element_type=\"widget\" data-widget_type=\"text-editor.default\">\n\t\t\t\t<div class=\"elementor-widget-container\">\n\t\t\t\t\t\t\t\t\t<p><a href=\"https:\/\/il-centro.berlin\/de\/kontakt\/#contatto\">Kontakt<\/a><\/p>\t\t\t\t\t\t\t\t<\/div>\n\t\t\t\t<\/div>\n\t\t\t\t<\/div>\n\t\t\t\t<\/div>\n\t\t\t\t\t<\/div>\n\t\t\t\t<\/div>\n\t\t<div class=\"elementor-element elementor-element-6df14cdf e-flex e-con-boxed e-con e-parent\" data-id=\"6df14cdf\" data-element_type=\"container\">\n\t\t\t\t\t<div class=\"e-con-inner\">\n\t\t<div class=\"elementor-element elementor-element-35afaefa e-con-full e-flex e-con e-child\" data-id=\"35afaefa\" data-element_type=\"container\">\n\t\t<div class=\"elementor-element elementor-element-2d3fdb8d e-con-full e-flex e-con e-child\" data-id=\"2d3fdb8d\" data-element_type=\"container\">\n\t\t\t\t<div class=\"elementor-element elementor-element-bfdd089 elementor-widget elementor-widget-heading\" data-id=\"bfdd089\" data-element_type=\"widget\" data-widget_type=\"heading.default\">\n\t\t\t\t<div class=\"elementor-widget-container\">\n\t\t\t\t\t<h2 class=\"elementor-heading-title elementor-size-default\">\u00dcber uns<\/h2>\t\t\t\t<\/div>\n\t\t\t\t<\/div>\n\t\t\t\t<div class=\"elementor-element elementor-element-19653a60 elementor-widget elementor-widget-text-editor\" data-id=\"19653a60\" data-element_type=\"widget\" data-widget_type=\"text-editor.default\">\n\t\t\t\t<div class=\"elementor-widget-container\">\n\t\t\t\t\t\t\t\t\t<p><strong>Il Centro<\/strong> ist ein Ort, an dem die psychische und k\u00f6rperliche Gesundheit ganzheitlich betrachtet wird, wobei die Integration der verschiedenen Dimensionen des menschlichen Wesens im Vordergrund steht: K\u00f6rper, Geist, Emotionen und innere Dimension. Die Vision des Il Centro ist es, der Gemeinschaft ein sicheres und einladendes Umfeld zu bieten, in dem jeder Einzelne in seiner Gesamtheit gesehen werden kann, mit der Absicht, das allgemeine Wohlbefinden durch den Austausch von Wissen und die gegenseitige Unterst\u00fctzung der Fachleute zu f\u00f6rdern.<\/p>\t\t\t\t\t\t\t\t<\/div>\n\t\t\t\t<\/div>\n\t\t\t\t<\/div>\n\t\t<div class=\"elementor-element elementor-element-461f1586 e-con-full e-flex e-con e-child\" data-id=\"461f1586\" data-element_type=\"container\">\n\t\t<div class=\"elementor-element elementor-element-1777ef80 e-con-full container-100-height text-white e-flex e-con e-child\" data-id=\"1777ef80\" data-element_type=\"container\" data-settings=\"{&quot;background_background&quot;:&quot;classic&quot;}\">\n\t\t\t\t<div class=\"elementor-element elementor-element-1d7cb33e image-caption elementor-widget elementor-widget-text-editor\" data-id=\"1d7cb33e\" data-element_type=\"widget\" data-widget_type=\"text-editor.default\">\n\t\t\t\t<div class=\"elementor-widget-container\">\n\t\t\t\t\t\t\t\t\t<p>\u00a9 Eva Zanettin<\/p>\t\t\t\t\t\t\t\t<\/div>\n\t\t\t\t<\/div>\n\t\t\t\t<\/div>\n\t\t\t\t<\/div>\n\t\t\t\t<\/div>\n\t\t\t\t\t<\/div>\n\t\t\t\t<\/div>\n\t\t<div class=\"elementor-element elementor-element-4c754aef text-white wave-gradient-bg e-flex e-con-boxed e-con e-parent\" data-id=\"4c754aef\" data-element_type=\"container\">\n\t\t\t\t\t<div class=\"e-con-inner\">\n\t\t<div class=\"elementor-element elementor-element-5c9756de e-con-full e-flex e-con e-child\" data-id=\"5c9756de\" data-element_type=\"container\">\n\t\t\t\t<div class=\"elementor-element elementor-element-d31a827 elementor-widget elementor-widget-heading\" data-id=\"d31a827\" data-element_type=\"widget\" data-widget_type=\"heading.default\">\n\t\t\t\t<div class=\"elementor-widget-container\">\n\t\t\t\t\t<h2 class=\"elementor-heading-title elementor-size-default\">Unsere Werte<\/h2>\t\t\t\t<\/div>\n\t\t\t\t<\/div>\n\t\t\t\t<div class=\"elementor-element elementor-element-5c1fdee1 elementor-widget elementor-widget-text-editor\" data-id=\"5c1fdee1\" data-element_type=\"widget\" data-widget_type=\"text-editor.default\">\n\t\t\t\t<div class=\"elementor-widget-container\">\n\t\t\t\t\t\t\t\t\t<p>Zu den <strong>Grundwerten<\/strong>\u00a0von Il Centro geh\u00f6ren:<\/p><ul><li><strong>Ehrlichkeit und Aufrichtigkeit<\/strong>: ein offener und transparenter Ansatz im Umgang mit den Patienten.<\/li><li><strong>Vertraulichkeit und Nichtbeurteilung<\/strong>: Gew\u00e4hrleistung eines Umfelds, in dem sich die Menschen sicher f\u00fchlen k\u00f6nnen.<\/li><li><strong>Gro\u00dfz\u00fcgigkeit, Liebe und Mitgef\u00fchl<\/strong>: Ausrichtung auf das Wohlergehen der anderen mit offenem Herzen und Verstand.<\/li><li><strong>Respekt und F\u00fcrsorge f\u00fcr den ganzen Menschen<\/strong>: K\u00f6rper, Geist und Emotionen sind eng miteinander verkn\u00fcpft.<\/li><li><strong>Interdisziplin\u00e4re Zusammenarbeit<\/strong>: Zusammenarbeit im Team, um eine umfassende Betreuung zu gew\u00e4hrleisten.<\/li><\/ul>\t\t\t\t\t\t\t\t<\/div>\n\t\t\t\t<\/div>\n\t\t\t\t<\/div>\n\t\t\t\t\t<\/div>\n\t\t\t\t<\/div>\n\t\t<div class=\"elementor-element elementor-element-66b99be7 e-flex e-con-boxed e-con e-parent\" data-id=\"66b99be7\" data-element_type=\"container\">\n\t\t\t\t\t<div class=\"e-con-inner\">\n\t\t\t\t<div class=\"elementor-element elementor-element-763299f4 elementor-view-default elementor-widget elementor-widget-icon\" data-id=\"763299f4\" data-element_type=\"widget\" data-widget_type=\"icon.default\">\n\t\t\t\t<div class=\"elementor-widget-container\">\n\t\t\t\t\t\t\t<div class=\"elementor-icon-wrapper\">\n\t\t\t<div class=\"elementor-icon\">\n\t\t\t<svg aria-hidden=\"true\" class=\"e-font-icon-svg e-fas-leaf\" viewBox=\"0 0 576 512\" xmlns=\"http:\/\/www.w3.org\/2000\/svg\"><path d=\"M546.2 9.7c-5.6-12.5-21.6-13-28.3-1.2C486.9 62.4 431.4 96 368 96h-80C182 96 96 182 96 288c0 7 .8 13.7 1.5 20.5C161.3 262.8 253.4 224 384 224c8.8 0 16 7.2 16 16s-7.2 16-16 16C132.6 256 26 410.1 2.4 468c-6.6 16.3 1.2 34.9 17.5 41.6 16.4 6.8 35-1.1 41.8-17.3 1.5-3.6 20.9-47.9 71.9-90.6 32.4 43.9 94 85.8 174.9 77.2C465.5 467.5 576 326.7 576 154.3c0-50.2-10.8-102.2-29.8-144.6z\"><\/path><\/svg>\t\t\t<\/div>\n\t\t<\/div>\n\t\t\t\t\t\t<\/div>\n\t\t\t\t<\/div>\n\t\t<div class=\"elementor-element elementor-element-7cc24446 e-con-full e-flex e-con e-child\" data-id=\"7cc24446\" data-element_type=\"container\">\n\t\t<div class=\"elementor-element elementor-element-28b969b7 e-con-full e-flex e-con e-child\" data-id=\"28b969b7\" data-element_type=\"container\">\n\t\t\t\t<div class=\"elementor-element elementor-element-388302a4 elementor-widget elementor-widget-heading\" data-id=\"388302a4\" data-element_type=\"widget\" data-widget_type=\"heading.default\">\n\t\t\t\t<div class=\"elementor-widget-container\">\n\t\t\t\t\t<h2 class=\"elementor-heading-title elementor-size-default\">Unsere Vision<\/h2>\t\t\t\t<\/div>\n\t\t\t\t<\/div>\n\t\t\t\t<div class=\"elementor-element elementor-element-4dff54a7 elementor-widget elementor-widget-text-editor\" data-id=\"4dff54a7\" data-element_type=\"widget\" data-widget_type=\"text-editor.default\">\n\t\t\t\t<div class=\"elementor-widget-container\">\n\t\t\t\t\t\t\t\t\t<p>Die Vision von Il Centro ist es daher, die Menschen auf ihrem Weg zu Gesundheit und Wohlbefinden zu unterst\u00fctzen und dabei individuelle Ans\u00e4tze zu bieten, die die Einzigartigkeit jedes Einzelnen respektieren. Alle Fachkr\u00e4fte des Zentrums setzen sich f\u00fcr die Verbesserung des psycho-physischen Wohlbefindens durch personalisierte und gezielte Behandlungen ein.<\/p>\t\t\t\t\t\t\t\t<\/div>\n\t\t\t\t<\/div>\n\t\t\t\t<div class=\"elementor-element elementor-element-846960b elementor-widget elementor-widget-text-editor\" data-id=\"846960b\" data-element_type=\"widget\" data-widget_type=\"text-editor.default\">\n\t\t\t\t<div class=\"elementor-widget-container\">\n\t\t\t\t\t\t\t\t\t<p>Die Fachleute, die im Il Centro arbeiten:<\/p>\t\t\t\t\t\t\t\t<\/div>\n\t\t\t\t<\/div>\n\t\t\t\t<div class=\"elementor-element elementor-element-2702c68 elementor-align-left elementor-widget elementor-widget-button\" data-id=\"2702c68\" data-element_type=\"widget\" data-widget_type=\"button.default\">\n\t\t\t\t<div class=\"elementor-widget-container\">\n\t\t\t\t\t\t\t\t\t<div class=\"elementor-button-wrapper\">\n\t\t\t\t\t<a class=\"elementor-button elementor-button-link elementor-size-sm\" href=\"https:\/\/il-centro.berlin\/de\/team\/\">\n\t\t\t\t\t\t<span class=\"elementor-button-content-wrapper\">\n\t\t\t\t\t\t<span class=\"elementor-button-icon\">\n\t\t\t\t<svg aria-hidden=\"true\" class=\"e-font-icon-svg e-fas-arrow-right\" viewBox=\"0 0 448 512\" xmlns=\"http:\/\/www.w3.org\/2000\/svg\"><path d=\"M190.5 66.9l22.2-22.2c9.4-9.4 24.6-9.4 33.9 0L441 239c9.4 9.4 9.4 24.6 0 33.9L246.6 467.3c-9.4 9.4-24.6 9.4-33.9 0l-22.2-22.2c-9.5-9.5-9.3-25 .4-34.3L311.4 296H24c-13.3 0-24-10.7-24-24v-32c0-13.3 10.7-24 24-24h287.4L190.9 101.2c-9.8-9.3-10-24.8-.4-34.3z\"><\/path><\/svg>\t\t\t<\/span>\n\t\t\t\t\t\t\t\t\t<span class=\"elementor-button-text\">Unser Team<\/span>\n\t\t\t\t\t<\/span>\n\t\t\t\t\t<\/a>\n\t\t\t\t<\/div>\n\t\t\t\t\t\t\t\t<\/div>\n\t\t\t\t<\/div>\n\t\t\t\t<div class=\"elementor-element elementor-element-83725d7 elementor-widget elementor-widget-text-editor\" data-id=\"83725d7\" data-element_type=\"widget\" data-widget_type=\"text-editor.default\">\n\t\t\t\t<div class=\"elementor-widget-container\">\n\t\t\t\t\t\t\t\t\t<p>Die angebotenen Dienstleistungen:<\/p>\t\t\t\t\t\t\t\t<\/div>\n\t\t\t\t<\/div>\n\t\t\t\t<div class=\"elementor-element elementor-element-3370d50 elementor-align-left elementor-widget elementor-widget-button\" data-id=\"3370d50\" data-element_type=\"widget\" data-widget_type=\"button.default\">\n\t\t\t\t<div class=\"elementor-widget-container\">\n\t\t\t\t\t\t\t\t\t<div class=\"elementor-button-wrapper\">\n\t\t\t\t\t<a class=\"elementor-button elementor-button-link elementor-size-sm\" href=\"https:\/\/il-centro.berlin\/de\/team\/\">\n\t\t\t\t\t\t<span class=\"elementor-button-content-wrapper\">\n\t\t\t\t\t\t<span class=\"elementor-button-icon\">\n\t\t\t\t<svg aria-hidden=\"true\" class=\"e-font-icon-svg e-fas-arrow-right\" viewBox=\"0 0 448 512\" xmlns=\"http:\/\/www.w3.org\/2000\/svg\"><path d=\"M190.5 66.9l22.2-22.2c9.4-9.4 24.6-9.4 33.9 0L441 239c9.4 9.4 9.4 24.6 0 33.9L246.6 467.3c-9.4 9.4-24.6 9.4-33.9 0l-22.2-22.2c-9.5-9.5-9.3-25 .4-34.3L311.4 296H24c-13.3 0-24-10.7-24-24v-32c0-13.3 10.7-24 24-24h287.4L190.9 101.2c-9.8-9.3-10-24.8-.4-34.3z\"><\/path><\/svg>\t\t\t<\/span>\n\t\t\t\t\t\t\t\t\t<span class=\"elementor-button-text\">Unsere Leistungen<\/span>\n\t\t\t\t\t<\/span>\n\t\t\t\t\t<\/a>\n\t\t\t\t<\/div>\n\t\t\t\t\t\t\t\t<\/div>\n\t\t\t\t<\/div>\n\t\t\t\t<\/div>\n\t\t<div class=\"elementor-element elementor-element-2aa4d797 e-con-full e-flex e-con e-child\" data-id=\"2aa4d797\" data-element_type=\"container\">\n\t\t<div class=\"elementor-element elementor-element-dbf97b e-con-full container-100-height text-white e-flex e-con e-child\" data-id=\"dbf97b\" data-element_type=\"container\" data-settings=\"{&quot;background_background&quot;:&quot;classic&quot;}\">\n\t\t\t\t<div class=\"elementor-element elementor-element-0b56cb3 image-caption elementor-widget elementor-widget-text-editor\" data-id=\"0b56cb3\" data-element_type=\"widget\" data-widget_type=\"text-editor.default\">\n\t\t\t\t<div class=\"elementor-widget-container\">\n\t\t\t\t\t\t\t\t\t<p>\u00a9 Eva Zanettin<\/p>\t\t\t\t\t\t\t\t<\/div>\n\t\t\t\t<\/div>\n\t\t\t\t<\/div>\n\t\t\t\t<\/div>\n\t\t\t\t<\/div>\n\t\t\t\t<div class=\"elementor-element elementor-element-68f89499 elementor-view-default elementor-widget elementor-widget-icon\" data-id=\"68f89499\" data-element_type=\"widget\" data-widget_type=\"icon.default\">\n\t\t\t\t<div class=\"elementor-widget-container\">\n\t\t\t\t\t\t\t<div class=\"elementor-icon-wrapper\">\n\t\t\t<div class=\"elementor-icon\">\n\t\t\t<svg aria-hidden=\"true\" class=\"e-font-icon-svg e-fas-leaf\" viewBox=\"0 0 576 512\" xmlns=\"http:\/\/www.w3.org\/2000\/svg\"><path d=\"M546.2 9.7c-5.6-12.5-21.6-13-28.3-1.2C486.9 62.4 431.4 96 368 96h-80C182 96 96 182 96 288c0 7 .8 13.7 1.5 20.5C161.3 262.8 253.4 224 384 224c8.8 0 16 7.2 16 16s-7.2 16-16 16C132.6 256 26 410.1 2.4 468c-6.6 16.3 1.2 34.9 17.5 41.6 16.4 6.8 35-1.1 41.8-17.3 1.5-3.6 20.9-47.9 71.9-90.6 32.4 43.9 94 85.8 174.9 77.2C465.5 467.5 576 326.7 576 154.3c0-50.2-10.8-102.2-29.8-144.6z\"><\/path><\/svg>\t\t\t<\/div>\n\t\t<\/div>\n\t\t\t\t\t\t<\/div>\n\t\t\t\t<\/div>\n\t\t\t\t\t<\/div>\n\t\t\t\t<\/div>\n\t\t<div class=\"elementor-element elementor-element-8db86c7 e-flex e-con-boxed e-con e-parent\" data-id=\"8db86c7\" data-element_type=\"container\">\n\t\t\t\t\t<div class=\"e-con-inner\">\n\t\t<div class=\"elementor-element elementor-element-ef39182 e-con-full e-flex e-con e-child\" data-id=\"ef39182\" data-element_type=\"container\">\n\t\t\t\t<div class=\"elementor-element elementor-element-ed7c6cf elementor-widget elementor-widget-text-editor\" data-id=\"ed7c6cf\" data-element_type=\"widget\" data-widget_type=\"text-editor.default\">\n\t\t\t\t<div class=\"elementor-widget-container\">\n\t\t\t\t\t\t\t\t\t<p>&#8222;<em>Gestern war ich klug, also wollte ich die Welt ver\u00e4ndern. Heute bin ich weise, also \u00e4ndere ich mich selbst.<\/em>&#8222;<\/p><p>\u2014 Rumi<\/p>\t\t\t\t\t\t\t\t<\/div>\n\t\t\t\t<\/div>\n\t\t\t\t<\/div>\n\t\t\t\t<div class=\"elementor-element elementor-element-248956d elementor-widget elementor-widget-spacer\" data-id=\"248956d\" data-element_type=\"widget\" data-widget_type=\"spacer.default\">\n\t\t\t\t<div class=\"elementor-widget-container\">\n\t\t\t\t\t\t\t<div class=\"elementor-spacer\">\n\t\t\t<div class=\"elementor-spacer-inner\"><\/div>\n\t\t<\/div>\n\t\t\t\t\t\t<\/div>\n\t\t\t\t<\/div>\n\t\t\t\t\t<\/div>\n\t\t\t\t<\/div>\n\t\t<div class=\"elementor-element elementor-element-204e049 e-flex e-con-boxed e-con e-parent\" data-id=\"204e049\" data-element_type=\"container\">\n\t\t\t\t\t<div class=\"e-con-inner\">\n\t\t\t\t<div class=\"elementor-element elementor-element-ec2bb75 elementor-widget elementor-widget-heading\" data-id=\"ec2bb75\" data-element_type=\"widget\" data-widget_type=\"heading.default\">\n\t\t\t\t<div class=\"elementor-widget-container\">\n\t\t\t\t\t<h2 class=\"elementor-heading-title elementor-size-default\">Kontakt<\/h2>\t\t\t\t<\/div>\n\t\t\t\t<\/div>\n\t\t\t\t<div class=\"elementor-element elementor-element-09b25c1 elementor-widget elementor-widget-text-editor\" data-id=\"09b25c1\" data-element_type=\"widget\" data-widget_type=\"text-editor.default\">\n\t\t\t\t<div class=\"elementor-widget-container\">\n\t\t\t\t\t\t\t\t\t<p>Wir laden Sie ein, \u201eIl Centro\u201c zu besuchen und unsere Wege zu Wachstum und Wohlbefinden zu entdecken. Wir freuen uns darauf, Sie zu empfangen und Ihnen unser Team von multidisziplin\u00e4ren Experten vorzustellen.<\/p><p><strong>KOMMEN SIE ZU \u201eIL CENTRO\u201c, UM IHRE MITTE ZU FINDEN!<\/strong><\/p>\t\t\t\t\t\t\t\t<\/div>\n\t\t\t\t<\/div>\n\t\t\t\t<div class=\"elementor-element elementor-element-971ec1c elementor-widget elementor-widget-button\" data-id=\"971ec1c\" data-element_type=\"widget\" data-widget_type=\"button.default\">\n\t\t\t\t<div class=\"elementor-widget-container\">\n\t\t\t\t\t\t\t\t\t<div class=\"elementor-button-wrapper\">\n\t\t\t\t\t<a class=\"elementor-button elementor-button-link elementor-size-sm\" href=\"https:\/\/il-centro.berlin\/de\/kontakt\/\">\n\t\t\t\t\t\t<span class=\"elementor-button-content-wrapper\">\n\t\t\t\t\t\t<span class=\"elementor-button-icon\">\n\t\t\t\t<svg aria-hidden=\"true\" class=\"e-font-icon-svg e-far-envelope\" viewBox=\"0 0 512 512\" xmlns=\"http:\/\/www.w3.org\/2000\/svg\"><path d=\"M464 64H48C21.49 64 0 85.49 0 112v288c0 26.51 21.49 48 48 48h416c26.51 0 48-21.49 48-48V112c0-26.51-21.49-48-48-48zm0 48v40.805c-22.422 18.259-58.168 46.651-134.587 106.49-16.841 13.247-50.201 45.072-73.413 44.701-23.208.375-56.579-31.459-73.413-44.701C106.18 199.465 70.425 171.067 48 152.805V112h416zM48 400V214.398c22.914 18.251 55.409 43.862 104.938 82.646 21.857 17.205 60.134 55.186 103.062 54.955 42.717.231 80.509-37.199 103.053-54.947 49.528-38.783 82.032-64.401 104.947-82.653V400H48z\"><\/path><\/svg>\t\t\t<\/span>\n\t\t\t\t\t\t\t\t\t<span class=\"elementor-button-text\">Kontakt<\/span>\n\t\t\t\t\t<\/span>\n\t\t\t\t\t<\/a>\n\t\t\t\t<\/div>\n\t\t\t\t\t\t\t\t<\/div>\n\t\t\t\t<\/div>\n\t\t\t\t\t<\/div>\n\t\t\t\t<\/div>\n\t\t\t\t<\/div>\n\t\t","protected":false},"excerpt":{"rendered":"<p>\u00a9 Eva Zanettin Il CentroHolistisches Zentrum f\u00fcr psychische &amp; k\u00f6rperliche Gesundheit Finde uns Kontakt Finde uns Kontakt \u00dcber uns Il Centro ist ein Ort, an dem die psychische und k\u00f6rperliche [&hellip;]<\/p>\n","protected":false},"author":1,"featured_media":0,"parent":0,"menu_order":0,"comment_status":"closed","ping_status":"closed","template":"","meta":{"footnotes":""},"class_list":["post-324","page","type-page","status-publish","hentry"],"yoast_head":"<!-- This site is optimized with the Yoast SEO plugin v24.6 - https:\/\/yoast.com\/wordpress\/plugins\/seo\/ -->\n<title>Holistisches Zentrum f\u00fcr psychische &amp; k\u00f6rperliche Gesundheit - Il Centro<\/title>\n<meta name=\"description\" content=\"Wir f\u00f6rdern psychisches und k\u00f6rperliches Wohlbefinden durch Psychotherapie, Bewegungstherapie und individuelle Behandlungen.\" \/>\n<meta name=\"robots\" content=\"index, follow, max-snippet:-1, max-image-preview:large, max-video-preview:-1\" \/>\n<link rel=\"canonical\" href=\"https:\/\/il-centro.berlin\/de\/\" \/>\n<meta property=\"og:locale\" content=\"de_DE\" \/>\n<meta property=\"og:type\" content=\"article\" \/>\n<meta property=\"og:title\" content=\"Holistisches Zentrum f\u00fcr psychische &amp; k\u00f6rperliche Gesundheit - Il Centro\" \/>\n<meta property=\"og:description\" content=\"Wir f\u00f6rdern psychisches und k\u00f6rperliches Wohlbefinden durch Psychotherapie, Bewegungstherapie und individuelle Behandlungen.\" \/>\n<meta property=\"og:url\" content=\"https:\/\/il-centro.berlin\/de\/\" \/>\n<meta property=\"og:site_name\" content=\"Il Centro\" \/>\n<meta property=\"article:modified_time\" content=\"2025-06-09T20:18:06+00:00\" \/>\n<meta property=\"og:image\" content=\"https:\/\/il-centro.berlin\/wp-content\/uploads\/2024\/09\/il-centro-logo-quadrato-1.jpg\" \/>\n\t<meta property=\"og:image:width\" content=\"1280\" \/>\n\t<meta property=\"og:image:height\" content=\"1024\" \/>\n\t<meta property=\"og:image:type\" content=\"image\/jpeg\" \/>\n<meta name=\"twitter:card\" content=\"summary_large_image\" \/>\n<meta name=\"twitter:label1\" content=\"Gesch\u00e4tzte Lesezeit\" \/>\n\t<meta name=\"twitter:data1\" content=\"3\u00a0Minuten\" \/>\n<script type=\"application\/ld+json\" class=\"yoast-schema-graph\">{\"@context\":\"https:\/\/schema.org\",\"@graph\":[{\"@type\":\"WebPage\",\"@id\":\"https:\/\/il-centro.berlin\/de\/\",\"url\":\"https:\/\/il-centro.berlin\/de\/\",\"name\":\"Holistisches Zentrum f\u00fcr psychische & k\u00f6rperliche Gesundheit - Il Centro\",\"isPartOf\":{\"@id\":\"https:\/\/il-centro.berlin\/de\/#website\"},\"primaryImageOfPage\":{\"@id\":\"https:\/\/il-centro.berlin\/de\/#primaryimage\"},\"image\":{\"@id\":\"https:\/\/il-centro.berlin\/de\/#primaryimage\"},\"thumbnailUrl\":\"https:\/\/il-centro.berlin\/wp-content\/uploads\/2024\/09\/il-centro-logo-quadrato-1-300x240.jpg\",\"datePublished\":\"2024-08-31T16:26:20+00:00\",\"dateModified\":\"2025-06-09T20:18:06+00:00\",\"description\":\"Wir f\u00f6rdern psychisches und k\u00f6rperliches Wohlbefinden durch Psychotherapie, Bewegungstherapie und individuelle Behandlungen.\",\"breadcrumb\":{\"@id\":\"https:\/\/il-centro.berlin\/de\/#breadcrumb\"},\"inLanguage\":\"de\",\"potentialAction\":[{\"@type\":\"ReadAction\",\"target\":[\"https:\/\/il-centro.berlin\/de\/\"]}]},{\"@type\":\"ImageObject\",\"inLanguage\":\"de\",\"@id\":\"https:\/\/il-centro.berlin\/de\/#primaryimage\",\"url\":\"https:\/\/il-centro.berlin\/wp-content\/uploads\/2024\/09\/il-centro-logo-quadrato-1-300x240.jpg\",\"contentUrl\":\"https:\/\/il-centro.berlin\/wp-content\/uploads\/2024\/09\/il-centro-logo-quadrato-1-300x240.jpg\"},{\"@type\":\"BreadcrumbList\",\"@id\":\"https:\/\/il-centro.berlin\/de\/#breadcrumb\",\"itemListElement\":[{\"@type\":\"ListItem\",\"position\":1,\"name\":\"Startseite\",\"item\":\"https:\/\/il-centro.berlin\/de\/\"},{\"@type\":\"ListItem\",\"position\":2,\"name\":\"Holistisches Zentrum f\u00fcr psychische &#038; k\u00f6rperliche Gesundheit\"}]},{\"@type\":\"WebSite\",\"@id\":\"https:\/\/il-centro.berlin\/de\/#website\",\"url\":\"https:\/\/il-centro.berlin\/de\/\",\"name\":\"Il Centro\",\"description\":\"\",\"publisher\":{\"@id\":\"https:\/\/il-centro.berlin\/de\/#organization\"},\"potentialAction\":[{\"@type\":\"SearchAction\",\"target\":{\"@type\":\"EntryPoint\",\"urlTemplate\":\"https:\/\/il-centro.berlin\/de\/?s={search_term_string}\"},\"query-input\":{\"@type\":\"PropertyValueSpecification\",\"valueRequired\":true,\"valueName\":\"search_term_string\"}}],\"inLanguage\":\"de\"},{\"@type\":\"Organization\",\"@id\":\"https:\/\/il-centro.berlin\/de\/#organization\",\"name\":\"Il Centro\",\"url\":\"https:\/\/il-centro.berlin\/de\/\",\"logo\":{\"@type\":\"ImageObject\",\"inLanguage\":\"de\",\"@id\":\"https:\/\/il-centro.berlin\/de\/#\/schema\/logo\/image\/\",\"url\":\"https:\/\/il-centro.berlin\/wp-content\/uploads\/2024\/09\/il-centro-logo-quadrato.jpg\",\"contentUrl\":\"https:\/\/il-centro.berlin\/wp-content\/uploads\/2024\/09\/il-centro-logo-quadrato.jpg\",\"width\":1280,\"height\":1024,\"caption\":\"Il Centro\"},\"image\":{\"@id\":\"https:\/\/il-centro.berlin\/de\/#\/schema\/logo\/image\/\"},\"sameAs\":[\"https:\/\/www.instagram.com\/ilcentro__\/\"]}]}<\/script>\n<!-- \/ Yoast SEO plugin. -->","yoast_head_json":{"title":"Holistisches Zentrum f\u00fcr psychische & k\u00f6rperliche Gesundheit - Il Centro","description":"Wir f\u00f6rdern psychisches und k\u00f6rperliches Wohlbefinden durch Psychotherapie, Bewegungstherapie und individuelle Behandlungen.","robots":{"index":"index","follow":"follow","max-snippet":"max-snippet:-1","max-image-preview":"max-image-preview:large","max-video-preview":"max-video-preview:-1"},"canonical":"https:\/\/il-centro.berlin\/de\/","og_locale":"de_DE","og_type":"article","og_title":"Holistisches Zentrum f\u00fcr psychische & k\u00f6rperliche Gesundheit - Il Centro","og_description":"Wir f\u00f6rdern psychisches und k\u00f6rperliches Wohlbefinden durch Psychotherapie, Bewegungstherapie und individuelle Behandlungen.","og_url":"https:\/\/il-centro.berlin\/de\/","og_site_name":"Il Centro","article_modified_time":"2025-06-09T20:18:06+00:00","og_image":[{"width":1280,"height":1024,"url":"https:\/\/il-centro.berlin\/wp-content\/uploads\/2024\/09\/il-centro-logo-quadrato-1.jpg","type":"image\/jpeg"}],"twitter_card":"summary_large_image","twitter_misc":{"Gesch\u00e4tzte Lesezeit":"3\u00a0Minuten"},"schema":{"@context":"https:\/\/schema.org","@graph":[{"@type":"WebPage","@id":"https:\/\/il-centro.berlin\/de\/","url":"https:\/\/il-centro.berlin\/de\/","name":"Holistisches Zentrum f\u00fcr psychische & k\u00f6rperliche Gesundheit - Il Centro","isPartOf":{"@id":"https:\/\/il-centro.berlin\/de\/#website"},"primaryImageOfPage":{"@id":"https:\/\/il-centro.berlin\/de\/#primaryimage"},"image":{"@id":"https:\/\/il-centro.berlin\/de\/#primaryimage"},"thumbnailUrl":"https:\/\/il-centro.berlin\/wp-content\/uploads\/2024\/09\/il-centro-logo-quadrato-1-300x240.jpg","datePublished":"2024-08-31T16:26:20+00:00","dateModified":"2025-06-09T20:18:06+00:00","description":"Wir f\u00f6rdern psychisches und k\u00f6rperliches Wohlbefinden durch Psychotherapie, Bewegungstherapie und individuelle Behandlungen.","breadcrumb":{"@id":"https:\/\/il-centro.berlin\/de\/#breadcrumb"},"inLanguage":"de","potentialAction":[{"@type":"ReadAction","target":["https:\/\/il-centro.berlin\/de\/"]}]},{"@type":"ImageObject","inLanguage":"de","@id":"https:\/\/il-centro.berlin\/de\/#primaryimage","url":"https:\/\/il-centro.berlin\/wp-content\/uploads\/2024\/09\/il-centro-logo-quadrato-1-300x240.jpg","contentUrl":"https:\/\/il-centro.berlin\/wp-content\/uploads\/2024\/09\/il-centro-logo-quadrato-1-300x240.jpg"},{"@type":"BreadcrumbList","@id":"https:\/\/il-centro.berlin\/de\/#breadcrumb","itemListElement":[{"@type":"ListItem","position":1,"name":"Startseite","item":"https:\/\/il-centro.berlin\/de\/"},{"@type":"ListItem","position":2,"name":"Holistisches Zentrum f\u00fcr psychische &#038; k\u00f6rperliche Gesundheit"}]},{"@type":"WebSite","@id":"https:\/\/il-centro.berlin\/de\/#website","url":"https:\/\/il-centro.berlin\/de\/","name":"Il Centro","description":"","publisher":{"@id":"https:\/\/il-centro.berlin\/de\/#organization"},"potentialAction":[{"@type":"SearchAction","target":{"@type":"EntryPoint","urlTemplate":"https:\/\/il-centro.berlin\/de\/?s={search_term_string}"},"query-input":{"@type":"PropertyValueSpecification","valueRequired":true,"valueName":"search_term_string"}}],"inLanguage":"de"},{"@type":"Organization","@id":"https:\/\/il-centro.berlin\/de\/#organization","name":"Il Centro","url":"https:\/\/il-centro.berlin\/de\/","logo":{"@type":"ImageObject","inLanguage":"de","@id":"https:\/\/il-centro.berlin\/de\/#\/schema\/logo\/image\/","url":"https:\/\/il-centro.berlin\/wp-content\/uploads\/2024\/09\/il-centro-logo-quadrato.jpg","contentUrl":"https:\/\/il-centro.berlin\/wp-content\/uploads\/2024\/09\/il-centro-logo-quadrato.jpg","width":1280,"height":1024,"caption":"Il Centro"},"image":{"@id":"https:\/\/il-centro.berlin\/de\/#\/schema\/logo\/image\/"},"sameAs":["https:\/\/www.instagram.com\/ilcentro__\/"]}]}},"_links":{"self":[{"href":"https:\/\/il-centro.berlin\/de\/wp-json\/wp\/v2\/pages\/324","targetHints":{"allow":["GET"]}}],"collection":[{"href":"https:\/\/il-centro.berlin\/de\/wp-json\/wp\/v2\/pages"}],"about":[{"href":"https:\/\/il-centro.berlin\/de\/wp-json\/wp\/v2\/types\/page"}],"author":[{"embeddable":true,"href":"https:\/\/il-centro.berlin\/de\/wp-json\/wp\/v2\/users\/1"}],"replies":[{"embeddable":true,"href":"https:\/\/il-centro.berlin\/de\/wp-json\/wp\/v2\/comments?post=324"}],"version-history":[{"count":50,"href":"https:\/\/il-centro.berlin\/de\/wp-json\/wp\/v2\/pages\/324\/revisions"}],"predecessor-version":[{"id":2699,"href":"https:\/\/il-centro.berlin\/de\/wp-json\/wp\/v2\/pages\/324\/revisions\/2699"}],"wp:attachment":[{"href":"https:\/\/il-centro.berlin\/de\/wp-json\/wp\/v2\/media?parent=324"}],"curies":[{"name":"wp","href":"https:\/\/api.w.org\/{rel}","templated":true}]}}