{"id":2364,"date":"2025-03-24T22:43:24","date_gmt":"2025-03-24T21:43:24","guid":{"rendered":"https:\/\/il-centro.berlin\/galleria\/"},"modified":"2025-05-26T23:37:59","modified_gmt":"2025-05-26T21:37:59","slug":"galerie","status":"publish","type":"page","link":"https:\/\/il-centro.berlin\/de\/galerie\/","title":{"rendered":"Galerie"},"content":{"rendered":"\t\t<div data-elementor-type=\"wp-page\" data-elementor-id=\"2364\" class=\"elementor elementor-2364 elementor-1713\">\n\t\t\t\t<div class=\"elementor-element elementor-element-0acfdae e-flex e-con-boxed e-con e-parent\" data-id=\"0acfdae\" data-element_type=\"container\">\n\t\t\t\t\t<div class=\"e-con-inner\">\n\t\t\t\t<div class=\"elementor-element elementor-element-17f372a elementor-widget elementor-widget-heading\" data-id=\"17f372a\" data-element_type=\"widget\" data-widget_type=\"heading.default\">\n\t\t\t\t<div class=\"elementor-widget-container\">\n\t\t\t\t\t<h1 class=\"elementor-heading-title elementor-size-default\">Galerie<\/h1>\t\t\t\t<\/div>\n\t\t\t\t<\/div>\n\t\t\t\t<div class=\"elementor-element elementor-element-38afce0 elementor-widget elementor-widget-text-editor\" data-id=\"38afce0\" data-element_type=\"widget\" data-widget_type=\"text-editor.default\">\n\t\t\t\t<div class=\"elementor-widget-container\">\n\t\t\t\t\t\t\t\t\t<p>Willkommen im Il Centro &#8211; ein Ort der Harmonie und des Wohlbefindens. Unsere R\u00e4ume sind so gestaltet, dass sie eine Atmosph\u00e4re der Ruhe, Inspiration und Sicherheit schaffen. Hier findet ein breites Spektrum an Programmen statt, von <strong>therapeutischen Sitzungen<\/strong> bis hin zu <strong>Kreativ- und Bewegungskursen<\/strong>.<\/p><p>Neben der Nutzung unserer R\u00e4ume f\u00fcr unsere Programme bieten wir sie auch zur Miete an. Ob f\u00fcr <strong>Workshops, Seminare oder Kurse<\/strong>, das Zentrum bietet einen einladenden und professionellen Rahmen f\u00fcr Ihre Veranstaltungen.<\/p><p>Tauchen Sie ein in unsere Galerie und entdecken Sie die besondere Atmosph\u00e4re unserer R\u00e4ume.<\/p>\t\t\t\t\t\t\t\t<\/div>\n\t\t\t\t<\/div>\n\t\t\t\t<div class=\"elementor-element elementor-element-b6dbe29 elementor-widget elementor-widget-button\" data-id=\"b6dbe29\" data-element_type=\"widget\" data-widget_type=\"button.default\">\n\t\t\t\t<div class=\"elementor-widget-container\">\n\t\t\t\t\t\t\t\t\t<div class=\"elementor-button-wrapper\">\n\t\t\t\t\t<a class=\"elementor-button elementor-button-link elementor-size-sm\" href=\"https:\/\/il-centro.berlin\/de\/zusammenarbeit\/\">\n\t\t\t\t\t\t<span class=\"elementor-button-content-wrapper\">\n\t\t\t\t\t\t\t\t\t<span class=\"elementor-button-text\">Zur Zimmer-\u00dcbersicht<\/span>\n\t\t\t\t\t<\/span>\n\t\t\t\t\t<\/a>\n\t\t\t\t<\/div>\n\t\t\t\t\t\t\t\t<\/div>\n\t\t\t\t<\/div>\n\t\t\t\t\t<\/div>\n\t\t\t\t<\/div>\n\t\t<div class=\"elementor-element elementor-element-eef8d3d e-flex e-con-boxed e-con e-parent\" data-id=\"eef8d3d\" data-element_type=\"container\">\n\t\t\t\t\t<div class=\"e-con-inner\">\n\t\t\t\t<div class=\"elementor-element elementor-element-47d5523 gallery-spacing-custom elementor-widget elementor-widget-image-gallery\" data-id=\"47d5523\" data-element_type=\"widget\" data-widget_type=\"image-gallery.default\">\n\t\t\t\t<div class=\"elementor-widget-container\">\n\t\t\t\t\t\t\t<div class=\"elementor-image-gallery\">\n\t\t\t\n\t\t<style type=\"text\/css\">\n\t\t\t#gallery-1 {\n\t\t\t\tmargin: auto;\n\t\t\t}\n\t\t\t#gallery-1 .gallery-item {\n\t\t\t\tfloat: left;\n\t\t\t\tmargin-top: 10px;\n\t\t\t\ttext-align: center;\n\t\t\t\twidth: 33%;\n\t\t\t}\n\t\t\t#gallery-1 img {\n\t\t\t\tborder: 2px solid #cfcfcf;\n\t\t\t}\n\t\t\t#gallery-1 .gallery-caption {\n\t\t\t\tmargin-left: 0;\n\t\t\t}\n\t\t\t\/* see gallery_shortcode() in wp-includes\/media.php *\/\n\t\t<\/style>\n\t\t<div id='gallery-1' class='gallery galleryid-2364 gallery-columns-3 gallery-size-medium_large'><dl class='gallery-item'>\n\t\t\t<dt class='gallery-icon landscape'>\n\t\t\t\t<a data-elementor-open-lightbox=\"yes\" data-elementor-lightbox-slideshow=\"47d5523\" data-elementor-lightbox-title=\"241008_ZanettinPasricha_illcentro_architettura_07-\" data-e-action-hash=\"#elementor-action%3Aaction%3Dlightbox%26settings%3DeyJpZCI6MTQ0NCwidXJsIjoiaHR0cHM6XC9cL2lsLWNlbnRyby5iZXJsaW5cL3dwLWNvbnRlbnRcL3VwbG9hZHNcLzIwMjVcLzAzXC8yNDEwMDhfWmFuZXR0aW5QYXNyaWNoYV9pbGxjZW50cm9fYXJjaGl0ZXR0dXJhXzA3LS53ZWJwIiwic2xpZGVzaG93IjoiNDdkNTUyMyJ9\" href='https:\/\/il-centro.berlin\/wp-content\/uploads\/2025\/03\/241008_ZanettinPasricha_illcentro_architettura_07-.webp'><img fetchpriority=\"high\" decoding=\"async\" width=\"768\" height=\"512\" src=\"https:\/\/il-centro.berlin\/wp-content\/uploads\/2025\/03\/241008_ZanettinPasricha_illcentro_architettura_07--768x512.webp\" class=\"attachment-medium_large size-medium_large\" alt=\"\" aria-describedby=\"gallery-1-1444\" srcset=\"https:\/\/il-centro.berlin\/wp-content\/uploads\/2025\/03\/241008_ZanettinPasricha_illcentro_architettura_07--768x512.webp 768w, https:\/\/il-centro.berlin\/wp-content\/uploads\/2025\/03\/241008_ZanettinPasricha_illcentro_architettura_07--300x200.webp 300w, https:\/\/il-centro.berlin\/wp-content\/uploads\/2025\/03\/241008_ZanettinPasricha_illcentro_architettura_07--1024x683.webp 1024w, https:\/\/il-centro.berlin\/wp-content\/uploads\/2025\/03\/241008_ZanettinPasricha_illcentro_architettura_07--624x416.webp 624w, https:\/\/il-centro.berlin\/wp-content\/uploads\/2025\/03\/241008_ZanettinPasricha_illcentro_architettura_07-.webp 1200w\" sizes=\"(max-width: 768px) 100vw, 768px\" \/><\/a>\n\t\t\t<\/dt>\n\t\t\t\t<dd class='wp-caption-text gallery-caption' id='gallery-1-1444'>\n\t\t\t\tStanza Rosa \u00a9 Zanettin\n\t\t\t\t<\/dd><\/dl><dl class='gallery-item'>\n\t\t\t<dt class='gallery-icon landscape'>\n\t\t\t\t<a data-elementor-open-lightbox=\"yes\" data-elementor-lightbox-slideshow=\"47d5523\" data-elementor-lightbox-title=\"241008_ZanettinPasricha_illcentro_architettura_06-\" data-e-action-hash=\"#elementor-action%3Aaction%3Dlightbox%26settings%3DeyJpZCI6MTQ0MSwidXJsIjoiaHR0cHM6XC9cL2lsLWNlbnRyby5iZXJsaW5cL3dwLWNvbnRlbnRcL3VwbG9hZHNcLzIwMjVcLzAzXC8yNDEwMDhfWmFuZXR0aW5QYXNyaWNoYV9pbGxjZW50cm9fYXJjaGl0ZXR0dXJhXzA2LS53ZWJwIiwic2xpZGVzaG93IjoiNDdkNTUyMyJ9\" href='https:\/\/il-centro.berlin\/wp-content\/uploads\/2025\/03\/241008_ZanettinPasricha_illcentro_architettura_06-.webp'><img decoding=\"async\" width=\"768\" height=\"512\" src=\"https:\/\/il-centro.berlin\/wp-content\/uploads\/2025\/03\/241008_ZanettinPasricha_illcentro_architettura_06--768x512.webp\" class=\"attachment-medium_large size-medium_large\" alt=\"\" aria-describedby=\"gallery-1-1441\" srcset=\"https:\/\/il-centro.berlin\/wp-content\/uploads\/2025\/03\/241008_ZanettinPasricha_illcentro_architettura_06--768x512.webp 768w, https:\/\/il-centro.berlin\/wp-content\/uploads\/2025\/03\/241008_ZanettinPasricha_illcentro_architettura_06--300x200.webp 300w, https:\/\/il-centro.berlin\/wp-content\/uploads\/2025\/03\/241008_ZanettinPasricha_illcentro_architettura_06--1024x683.webp 1024w, https:\/\/il-centro.berlin\/wp-content\/uploads\/2025\/03\/241008_ZanettinPasricha_illcentro_architettura_06--624x416.webp 624w, https:\/\/il-centro.berlin\/wp-content\/uploads\/2025\/03\/241008_ZanettinPasricha_illcentro_architettura_06-.webp 1200w\" sizes=\"(max-width: 768px) 100vw, 768px\" \/><\/a>\n\t\t\t<\/dt>\n\t\t\t\t<dd class='wp-caption-text gallery-caption' id='gallery-1-1441'>\n\t\t\t\tStanza Iris \u00a9 Zanettin\n\t\t\t\t<\/dd><\/dl><dl class='gallery-item'>\n\t\t\t<dt class='gallery-icon landscape'>\n\t\t\t\t<a data-elementor-open-lightbox=\"yes\" data-elementor-lightbox-slideshow=\"47d5523\" data-elementor-lightbox-title=\"Stanza-Tulipano-03\" data-e-action-hash=\"#elementor-action%3Aaction%3Dlightbox%26settings%3DeyJpZCI6MTYzOCwidXJsIjoiaHR0cHM6XC9cL2lsLWNlbnRyby5iZXJsaW5cL3dwLWNvbnRlbnRcL3VwbG9hZHNcLzIwMjVcLzAzXC9TdGFuemEtVHVsaXBhbm8tMDMud2VicCIsInNsaWRlc2hvdyI6IjQ3ZDU1MjMifQ%3D%3D\" href='https:\/\/il-centro.berlin\/wp-content\/uploads\/2025\/03\/Stanza-Tulipano-03.webp'><img decoding=\"async\" width=\"768\" height=\"512\" src=\"https:\/\/il-centro.berlin\/wp-content\/uploads\/2025\/03\/Stanza-Tulipano-03-768x512.webp\" class=\"attachment-medium_large size-medium_large\" alt=\"\" aria-describedby=\"gallery-1-1638\" srcset=\"https:\/\/il-centro.berlin\/wp-content\/uploads\/2025\/03\/Stanza-Tulipano-03-768x512.webp 768w, https:\/\/il-centro.berlin\/wp-content\/uploads\/2025\/03\/Stanza-Tulipano-03-300x200.webp 300w, https:\/\/il-centro.berlin\/wp-content\/uploads\/2025\/03\/Stanza-Tulipano-03-1024x683.webp 1024w, https:\/\/il-centro.berlin\/wp-content\/uploads\/2025\/03\/Stanza-Tulipano-03-624x416.webp 624w, https:\/\/il-centro.berlin\/wp-content\/uploads\/2025\/03\/Stanza-Tulipano-03.webp 1200w\" sizes=\"(max-width: 768px) 100vw, 768px\" \/><\/a>\n\t\t\t<\/dt>\n\t\t\t\t<dd class='wp-caption-text gallery-caption' id='gallery-1-1638'>\n\t\t\t\tStanza Tulipano\n\t\t\t\t<\/dd><\/dl><br style=\"clear: both\" \/><dl class='gallery-item'>\n\t\t\t<dt class='gallery-icon landscape'>\n\t\t\t\t<a data-elementor-open-lightbox=\"yes\" data-elementor-lightbox-slideshow=\"47d5523\" data-elementor-lightbox-title=\"Stanza-Tulipano-01\" data-e-action-hash=\"#elementor-action%3Aaction%3Dlightbox%26settings%3DeyJpZCI6MTYzMiwidXJsIjoiaHR0cHM6XC9cL2lsLWNlbnRyby5iZXJsaW5cL3dwLWNvbnRlbnRcL3VwbG9hZHNcLzIwMjVcLzAzXC9TdGFuemEtVHVsaXBhbm8tMDEud2VicCIsInNsaWRlc2hvdyI6IjQ3ZDU1MjMifQ%3D%3D\" href='https:\/\/il-centro.berlin\/wp-content\/uploads\/2025\/03\/Stanza-Tulipano-01.webp'><img loading=\"lazy\" decoding=\"async\" width=\"768\" height=\"512\" src=\"https:\/\/il-centro.berlin\/wp-content\/uploads\/2025\/03\/Stanza-Tulipano-01-768x512.webp\" class=\"attachment-medium_large size-medium_large\" alt=\"\" aria-describedby=\"gallery-1-1632\" srcset=\"https:\/\/il-centro.berlin\/wp-content\/uploads\/2025\/03\/Stanza-Tulipano-01-768x512.webp 768w, https:\/\/il-centro.berlin\/wp-content\/uploads\/2025\/03\/Stanza-Tulipano-01-300x200.webp 300w, https:\/\/il-centro.berlin\/wp-content\/uploads\/2025\/03\/Stanza-Tulipano-01-1024x683.webp 1024w, https:\/\/il-centro.berlin\/wp-content\/uploads\/2025\/03\/Stanza-Tulipano-01-624x416.webp 624w, https:\/\/il-centro.berlin\/wp-content\/uploads\/2025\/03\/Stanza-Tulipano-01.webp 1200w\" sizes=\"(max-width: 768px) 100vw, 768px\" \/><\/a>\n\t\t\t<\/dt>\n\t\t\t\t<dd class='wp-caption-text gallery-caption' id='gallery-1-1632'>\n\t\t\t\tStanza Tulipano \n\t\t\t\t<\/dd><\/dl><dl class='gallery-item'>\n\t\t\t<dt class='gallery-icon landscape'>\n\t\t\t\t<a data-elementor-open-lightbox=\"yes\" data-elementor-lightbox-slideshow=\"47d5523\" data-elementor-lightbox-title=\"c_ZanettinPasricha_illcentro_architettura_01-\" data-e-action-hash=\"#elementor-action%3Aaction%3Dlightbox%26settings%3DeyJpZCI6MTQ1MCwidXJsIjoiaHR0cHM6XC9cL2lsLWNlbnRyby5iZXJsaW5cL3dwLWNvbnRlbnRcL3VwbG9hZHNcLzIwMjVcLzAzXC9jX1phbmV0dGluUGFzcmljaGFfaWxsY2VudHJvX2FyY2hpdGV0dHVyYV8wMS0ud2VicCIsInNsaWRlc2hvdyI6IjQ3ZDU1MjMifQ%3D%3D\" href='https:\/\/il-centro.berlin\/wp-content\/uploads\/2025\/03\/c_ZanettinPasricha_illcentro_architettura_01-.webp'><img loading=\"lazy\" decoding=\"async\" width=\"768\" height=\"512\" src=\"https:\/\/il-centro.berlin\/wp-content\/uploads\/2025\/03\/c_ZanettinPasricha_illcentro_architettura_01--768x512.webp\" class=\"attachment-medium_large size-medium_large\" alt=\"\" aria-describedby=\"gallery-1-1450\" srcset=\"https:\/\/il-centro.berlin\/wp-content\/uploads\/2025\/03\/c_ZanettinPasricha_illcentro_architettura_01--768x512.webp 768w, https:\/\/il-centro.berlin\/wp-content\/uploads\/2025\/03\/c_ZanettinPasricha_illcentro_architettura_01--300x200.webp 300w, https:\/\/il-centro.berlin\/wp-content\/uploads\/2025\/03\/c_ZanettinPasricha_illcentro_architettura_01--1024x683.webp 1024w, https:\/\/il-centro.berlin\/wp-content\/uploads\/2025\/03\/c_ZanettinPasricha_illcentro_architettura_01--624x416.webp 624w, https:\/\/il-centro.berlin\/wp-content\/uploads\/2025\/03\/c_ZanettinPasricha_illcentro_architettura_01-.webp 1200w\" sizes=\"(max-width: 768px) 100vw, 768px\" \/><\/a>\n\t\t\t<\/dt>\n\t\t\t\t<dd class='wp-caption-text gallery-caption' id='gallery-1-1450'>\n\t\t\t\tStanza Tulipano \u00a9 Il Centro\n\t\t\t\t<\/dd><\/dl><dl class='gallery-item'>\n\t\t\t<dt class='gallery-icon landscape'>\n\t\t\t\t<a data-elementor-open-lightbox=\"yes\" data-elementor-lightbox-slideshow=\"47d5523\" data-elementor-lightbox-title=\"241008_ZanettinPasricha_illcentro_architettura_08-\" data-e-action-hash=\"#elementor-action%3Aaction%3Dlightbox%26settings%3DeyJpZCI6MTQ0NywidXJsIjoiaHR0cHM6XC9cL2lsLWNlbnRyby5iZXJsaW5cL3dwLWNvbnRlbnRcL3VwbG9hZHNcLzIwMjVcLzAzXC8yNDEwMDhfWmFuZXR0aW5QYXNyaWNoYV9pbGxjZW50cm9fYXJjaGl0ZXR0dXJhXzA4LS53ZWJwIiwic2xpZGVzaG93IjoiNDdkNTUyMyJ9\" href='https:\/\/il-centro.berlin\/wp-content\/uploads\/2025\/03\/241008_ZanettinPasricha_illcentro_architettura_08-.webp'><img loading=\"lazy\" decoding=\"async\" width=\"768\" height=\"512\" src=\"https:\/\/il-centro.berlin\/wp-content\/uploads\/2025\/03\/241008_ZanettinPasricha_illcentro_architettura_08--768x512.webp\" class=\"attachment-medium_large size-medium_large\" alt=\"\" aria-describedby=\"gallery-1-1447\" srcset=\"https:\/\/il-centro.berlin\/wp-content\/uploads\/2025\/03\/241008_ZanettinPasricha_illcentro_architettura_08--768x512.webp 768w, https:\/\/il-centro.berlin\/wp-content\/uploads\/2025\/03\/241008_ZanettinPasricha_illcentro_architettura_08--300x200.webp 300w, https:\/\/il-centro.berlin\/wp-content\/uploads\/2025\/03\/241008_ZanettinPasricha_illcentro_architettura_08--1024x683.webp 1024w, https:\/\/il-centro.berlin\/wp-content\/uploads\/2025\/03\/241008_ZanettinPasricha_illcentro_architettura_08--624x416.webp 624w, https:\/\/il-centro.berlin\/wp-content\/uploads\/2025\/03\/241008_ZanettinPasricha_illcentro_architettura_08-.webp 1200w\" sizes=\"(max-width: 768px) 100vw, 768px\" \/><\/a>\n\t\t\t<\/dt>\n\t\t\t\t<dd class='wp-caption-text gallery-caption' id='gallery-1-1447'>\n\t\t\t\tStanza Mandala \u00a9 Zanettin\n\t\t\t\t<\/dd><\/dl><br style=\"clear: both\" \/><dl class='gallery-item'>\n\t\t\t<dt class='gallery-icon landscape'>\n\t\t\t\t<a data-elementor-open-lightbox=\"yes\" data-elementor-lightbox-slideshow=\"47d5523\" data-elementor-lightbox-title=\"241008_ZanettinPasricha_illcentro_architettura_04-\" data-e-action-hash=\"#elementor-action%3Aaction%3Dlightbox%26settings%3DeyJpZCI6MTQzNSwidXJsIjoiaHR0cHM6XC9cL2lsLWNlbnRyby5iZXJsaW5cL3dwLWNvbnRlbnRcL3VwbG9hZHNcLzIwMjVcLzAzXC8yNDEwMDhfWmFuZXR0aW5QYXNyaWNoYV9pbGxjZW50cm9fYXJjaGl0ZXR0dXJhXzA0LS53ZWJwIiwic2xpZGVzaG93IjoiNDdkNTUyMyJ9\" href='https:\/\/il-centro.berlin\/wp-content\/uploads\/2025\/03\/241008_ZanettinPasricha_illcentro_architettura_04-.webp'><img loading=\"lazy\" decoding=\"async\" width=\"768\" height=\"512\" src=\"https:\/\/il-centro.berlin\/wp-content\/uploads\/2025\/03\/241008_ZanettinPasricha_illcentro_architettura_04--768x512.webp\" class=\"attachment-medium_large size-medium_large\" alt=\"\" aria-describedby=\"gallery-1-1435\" srcset=\"https:\/\/il-centro.berlin\/wp-content\/uploads\/2025\/03\/241008_ZanettinPasricha_illcentro_architettura_04--768x512.webp 768w, https:\/\/il-centro.berlin\/wp-content\/uploads\/2025\/03\/241008_ZanettinPasricha_illcentro_architettura_04--300x200.webp 300w, https:\/\/il-centro.berlin\/wp-content\/uploads\/2025\/03\/241008_ZanettinPasricha_illcentro_architettura_04--1024x683.webp 1024w, https:\/\/il-centro.berlin\/wp-content\/uploads\/2025\/03\/241008_ZanettinPasricha_illcentro_architettura_04--624x416.webp 624w, https:\/\/il-centro.berlin\/wp-content\/uploads\/2025\/03\/241008_ZanettinPasricha_illcentro_architettura_04-.webp 1200w\" sizes=\"(max-width: 768px) 100vw, 768px\" \/><\/a>\n\t\t\t<\/dt>\n\t\t\t\t<dd class='wp-caption-text gallery-caption' id='gallery-1-1435'>\n\t\t\t\tStanza Iris \u00a9 Zanettin\n\t\t\t\t<\/dd><\/dl>\n\t\t\t<br style='clear: both' \/>\n\t\t<\/div>\n\t\t<\/div>\n\t\t\t\t\t\t<\/div>\n\t\t\t\t<\/div>\n\t\t\t\t\t<\/div>\n\t\t\t\t<\/div>\n\t\t\t\t<\/div>\n\t\t","protected":false},"excerpt":{"rendered":"<p>Galerie Willkommen im Il Centro &#8211; ein Ort der Harmonie und des Wohlbefindens. Unsere R\u00e4ume sind so gestaltet, dass sie eine Atmosph\u00e4re der Ruhe, Inspiration und Sicherheit schaffen. Hier findet [&hellip;]<\/p>\n","protected":false},"author":1,"featured_media":0,"parent":0,"menu_order":0,"comment_status":"closed","ping_status":"closed","template":"","meta":{"footnotes":""},"class_list":["post-2364","page","type-page","status-publish","hentry"],"yoast_head":"<!-- This site is optimized with the Yoast SEO plugin v24.6 - https:\/\/yoast.com\/wordpress\/plugins\/seo\/ -->\n<title>Galerie - Il Centro<\/title>\n<meta name=\"description\" content=\"Lassen Sie sich inspirieren: Entdecken Sie die Atmosph\u00e4re unserer Praxisr\u00e4ume in Berlin in unserer Galerie. Ideal f\u00fcr Therapie, Kurse und kreative Veranstaltungen.\" \/>\n<meta name=\"robots\" content=\"index, follow, max-snippet:-1, max-image-preview:large, max-video-preview:-1\" \/>\n<link rel=\"canonical\" href=\"https:\/\/il-centro.berlin\/de\/galerie\/\" \/>\n<meta property=\"og:locale\" content=\"de_DE\" \/>\n<meta property=\"og:type\" content=\"article\" \/>\n<meta property=\"og:title\" content=\"Galerie - Il Centro\" \/>\n<meta property=\"og:description\" content=\"Lassen Sie sich inspirieren: Entdecken Sie die Atmosph\u00e4re unserer Praxisr\u00e4ume in Berlin in unserer Galerie. Ideal f\u00fcr Therapie, Kurse und kreative Veranstaltungen.\" \/>\n<meta property=\"og:url\" content=\"https:\/\/il-centro.berlin\/de\/galerie\/\" \/>\n<meta property=\"og:site_name\" content=\"Il Centro\" \/>\n<meta property=\"article:modified_time\" content=\"2025-05-26T21:37:59+00:00\" \/>\n<meta property=\"og:image\" content=\"https:\/\/il-centro.berlin\/wp-content\/uploads\/2025\/03\/241008_ZanettinPasricha_illcentro_architettura_07--768x512.webp\" \/>\n<meta name=\"twitter:card\" content=\"summary_large_image\" \/>\n<meta name=\"twitter:label1\" content=\"Gesch\u00e4tzte Lesezeit\" \/>\n\t<meta name=\"twitter:data1\" content=\"3\u00a0Minuten\" \/>\n<script type=\"application\/ld+json\" class=\"yoast-schema-graph\">{\"@context\":\"https:\/\/schema.org\",\"@graph\":[{\"@type\":\"WebPage\",\"@id\":\"https:\/\/il-centro.berlin\/de\/galerie\/\",\"url\":\"https:\/\/il-centro.berlin\/de\/galerie\/\",\"name\":\"Galerie - Il Centro\",\"isPartOf\":{\"@id\":\"https:\/\/il-centro.berlin\/de\/#website\"},\"primaryImageOfPage\":{\"@id\":\"https:\/\/il-centro.berlin\/de\/galerie\/#primaryimage\"},\"image\":{\"@id\":\"https:\/\/il-centro.berlin\/de\/galerie\/#primaryimage\"},\"thumbnailUrl\":\"https:\/\/il-centro.berlin\/wp-content\/uploads\/2025\/03\/241008_ZanettinPasricha_illcentro_architettura_07--768x512.webp\",\"datePublished\":\"2025-03-24T21:43:24+00:00\",\"dateModified\":\"2025-05-26T21:37:59+00:00\",\"description\":\"Lassen Sie sich inspirieren: Entdecken Sie die Atmosph\u00e4re unserer Praxisr\u00e4ume in Berlin in unserer Galerie. Ideal f\u00fcr Therapie, Kurse und kreative Veranstaltungen.\",\"breadcrumb\":{\"@id\":\"https:\/\/il-centro.berlin\/de\/galerie\/#breadcrumb\"},\"inLanguage\":\"de\",\"potentialAction\":[{\"@type\":\"ReadAction\",\"target\":[\"https:\/\/il-centro.berlin\/de\/galerie\/\"]}]},{\"@type\":\"ImageObject\",\"inLanguage\":\"de\",\"@id\":\"https:\/\/il-centro.berlin\/de\/galerie\/#primaryimage\",\"url\":\"https:\/\/il-centro.berlin\/wp-content\/uploads\/2025\/03\/241008_ZanettinPasricha_illcentro_architettura_07--768x512.webp\",\"contentUrl\":\"https:\/\/il-centro.berlin\/wp-content\/uploads\/2025\/03\/241008_ZanettinPasricha_illcentro_architettura_07--768x512.webp\"},{\"@type\":\"BreadcrumbList\",\"@id\":\"https:\/\/il-centro.berlin\/de\/galerie\/#breadcrumb\",\"itemListElement\":[{\"@type\":\"ListItem\",\"position\":1,\"name\":\"Startseite\",\"item\":\"https:\/\/il-centro.berlin\/de\/\"},{\"@type\":\"ListItem\",\"position\":2,\"name\":\"Galerie\"}]},{\"@type\":\"WebSite\",\"@id\":\"https:\/\/il-centro.berlin\/de\/#website\",\"url\":\"https:\/\/il-centro.berlin\/de\/\",\"name\":\"Il Centro\",\"description\":\"\",\"publisher\":{\"@id\":\"https:\/\/il-centro.berlin\/de\/#organization\"},\"potentialAction\":[{\"@type\":\"SearchAction\",\"target\":{\"@type\":\"EntryPoint\",\"urlTemplate\":\"https:\/\/il-centro.berlin\/de\/?s={search_term_string}\"},\"query-input\":{\"@type\":\"PropertyValueSpecification\",\"valueRequired\":true,\"valueName\":\"search_term_string\"}}],\"inLanguage\":\"de\"},{\"@type\":\"Organization\",\"@id\":\"https:\/\/il-centro.berlin\/de\/#organization\",\"name\":\"Il Centro\",\"url\":\"https:\/\/il-centro.berlin\/de\/\",\"logo\":{\"@type\":\"ImageObject\",\"inLanguage\":\"de\",\"@id\":\"https:\/\/il-centro.berlin\/de\/#\/schema\/logo\/image\/\",\"url\":\"https:\/\/il-centro.berlin\/wp-content\/uploads\/2024\/09\/il-centro-logo-quadrato.jpg\",\"contentUrl\":\"https:\/\/il-centro.berlin\/wp-content\/uploads\/2024\/09\/il-centro-logo-quadrato.jpg\",\"width\":1280,\"height\":1024,\"caption\":\"Il Centro\"},\"image\":{\"@id\":\"https:\/\/il-centro.berlin\/de\/#\/schema\/logo\/image\/\"},\"sameAs\":[\"https:\/\/www.instagram.com\/ilcentro__\/\"]}]}<\/script>\n<!-- \/ Yoast SEO plugin. -->","yoast_head_json":{"title":"Galerie - Il Centro","description":"Lassen Sie sich inspirieren: Entdecken Sie die Atmosph\u00e4re unserer Praxisr\u00e4ume in Berlin in unserer Galerie. Ideal f\u00fcr Therapie, Kurse und kreative Veranstaltungen.","robots":{"index":"index","follow":"follow","max-snippet":"max-snippet:-1","max-image-preview":"max-image-preview:large","max-video-preview":"max-video-preview:-1"},"canonical":"https:\/\/il-centro.berlin\/de\/galerie\/","og_locale":"de_DE","og_type":"article","og_title":"Galerie - Il Centro","og_description":"Lassen Sie sich inspirieren: Entdecken Sie die Atmosph\u00e4re unserer Praxisr\u00e4ume in Berlin in unserer Galerie. Ideal f\u00fcr Therapie, Kurse und kreative Veranstaltungen.","og_url":"https:\/\/il-centro.berlin\/de\/galerie\/","og_site_name":"Il Centro","article_modified_time":"2025-05-26T21:37:59+00:00","og_image":[{"url":"https:\/\/il-centro.berlin\/wp-content\/uploads\/2025\/03\/241008_ZanettinPasricha_illcentro_architettura_07--768x512.webp","type":"","width":"","height":""}],"twitter_card":"summary_large_image","twitter_misc":{"Gesch\u00e4tzte Lesezeit":"3\u00a0Minuten"},"schema":{"@context":"https:\/\/schema.org","@graph":[{"@type":"WebPage","@id":"https:\/\/il-centro.berlin\/de\/galerie\/","url":"https:\/\/il-centro.berlin\/de\/galerie\/","name":"Galerie - Il Centro","isPartOf":{"@id":"https:\/\/il-centro.berlin\/de\/#website"},"primaryImageOfPage":{"@id":"https:\/\/il-centro.berlin\/de\/galerie\/#primaryimage"},"image":{"@id":"https:\/\/il-centro.berlin\/de\/galerie\/#primaryimage"},"thumbnailUrl":"https:\/\/il-centro.berlin\/wp-content\/uploads\/2025\/03\/241008_ZanettinPasricha_illcentro_architettura_07--768x512.webp","datePublished":"2025-03-24T21:43:24+00:00","dateModified":"2025-05-26T21:37:59+00:00","description":"Lassen Sie sich inspirieren: Entdecken Sie die Atmosph\u00e4re unserer Praxisr\u00e4ume in Berlin in unserer Galerie. Ideal f\u00fcr Therapie, Kurse und kreative Veranstaltungen.","breadcrumb":{"@id":"https:\/\/il-centro.berlin\/de\/galerie\/#breadcrumb"},"inLanguage":"de","potentialAction":[{"@type":"ReadAction","target":["https:\/\/il-centro.berlin\/de\/galerie\/"]}]},{"@type":"ImageObject","inLanguage":"de","@id":"https:\/\/il-centro.berlin\/de\/galerie\/#primaryimage","url":"https:\/\/il-centro.berlin\/wp-content\/uploads\/2025\/03\/241008_ZanettinPasricha_illcentro_architettura_07--768x512.webp","contentUrl":"https:\/\/il-centro.berlin\/wp-content\/uploads\/2025\/03\/241008_ZanettinPasricha_illcentro_architettura_07--768x512.webp"},{"@type":"BreadcrumbList","@id":"https:\/\/il-centro.berlin\/de\/galerie\/#breadcrumb","itemListElement":[{"@type":"ListItem","position":1,"name":"Startseite","item":"https:\/\/il-centro.berlin\/de\/"},{"@type":"ListItem","position":2,"name":"Galerie"}]},{"@type":"WebSite","@id":"https:\/\/il-centro.berlin\/de\/#website","url":"https:\/\/il-centro.berlin\/de\/","name":"Il Centro","description":"","publisher":{"@id":"https:\/\/il-centro.berlin\/de\/#organization"},"potentialAction":[{"@type":"SearchAction","target":{"@type":"EntryPoint","urlTemplate":"https:\/\/il-centro.berlin\/de\/?s={search_term_string}"},"query-input":{"@type":"PropertyValueSpecification","valueRequired":true,"valueName":"search_term_string"}}],"inLanguage":"de"},{"@type":"Organization","@id":"https:\/\/il-centro.berlin\/de\/#organization","name":"Il Centro","url":"https:\/\/il-centro.berlin\/de\/","logo":{"@type":"ImageObject","inLanguage":"de","@id":"https:\/\/il-centro.berlin\/de\/#\/schema\/logo\/image\/","url":"https:\/\/il-centro.berlin\/wp-content\/uploads\/2024\/09\/il-centro-logo-quadrato.jpg","contentUrl":"https:\/\/il-centro.berlin\/wp-content\/uploads\/2024\/09\/il-centro-logo-quadrato.jpg","width":1280,"height":1024,"caption":"Il Centro"},"image":{"@id":"https:\/\/il-centro.berlin\/de\/#\/schema\/logo\/image\/"},"sameAs":["https:\/\/www.instagram.com\/ilcentro__\/"]}]}},"_links":{"self":[{"href":"https:\/\/il-centro.berlin\/de\/wp-json\/wp\/v2\/pages\/2364","targetHints":{"allow":["GET"]}}],"collection":[{"href":"https:\/\/il-centro.berlin\/de\/wp-json\/wp\/v2\/pages"}],"about":[{"href":"https:\/\/il-centro.berlin\/de\/wp-json\/wp\/v2\/types\/page"}],"author":[{"embeddable":true,"href":"https:\/\/il-centro.berlin\/de\/wp-json\/wp\/v2\/users\/1"}],"replies":[{"embeddable":true,"href":"https:\/\/il-centro.berlin\/de\/wp-json\/wp\/v2\/comments?post=2364"}],"version-history":[{"count":11,"href":"https:\/\/il-centro.berlin\/de\/wp-json\/wp\/v2\/pages\/2364\/revisions"}],"predecessor-version":[{"id":2538,"href":"https:\/\/il-centro.berlin\/de\/wp-json\/wp\/v2\/pages\/2364\/revisions\/2538"}],"wp:attachment":[{"href":"https:\/\/il-centro.berlin\/de\/wp-json\/wp\/v2\/media?parent=2364"}],"curies":[{"name":"wp","href":"https:\/\/api.w.org\/{rel}","templated":true}]}}